{"id":174,"date":"2022-09-19T00:14:59","date_gmt":"2022-09-19T00:14:59","guid":{"rendered":"http:\/\/municipalidaddegeneralpaz.gob.ar\/?page_id=174"},"modified":"2025-06-01T22:24:45","modified_gmt":"2025-06-01T22:24:45","slug":"turismo","status":"publish","type":"page","link":"https:\/\/municipalidaddegeneralpaz.gob.ar\/index.php\/turismo\/","title":{"rendered":"Turismo"},"content":{"rendered":"\t\t<div data-elementor-type=\"wp-page\" data-elementor-id=\"174\" class=\"elementor elementor-174\">\n\t\t\t\t\t\t<section class=\"elementor-section elementor-top-section elementor-element elementor-element-7760d0b elementor-section-boxed elementor-section-height-default elementor-section-height-default\" data-id=\"7760d0b\" data-element_type=\"section\">\n\t\t\t\t\t\t<div class=\"elementor-container elementor-column-gap-default\">\n\t\t\t\t\t<div class=\"elementor-column elementor-col-100 elementor-top-column elementor-element elementor-element-eb2df90\" data-id=\"eb2df90\" data-element_type=\"column\">\n\t\t\t<div class=\"elementor-widget-wrap elementor-element-populated\">\n\t\t\t\t\t\t<div class=\"elementor-element elementor-element-0e6d4ec elementor-widget elementor-widget-heading\" data-id=\"0e6d4ec\" data-element_type=\"widget\" data-widget_type=\"heading.default\">\n\t\t\t\t<div class=\"elementor-widget-container\">\n\t\t\t<h2 class=\"elementor-heading-title elementor-size-default\">TURISMO<\/h2>\t\t<\/div>\n\t\t\t\t<\/div>\n\t\t\t\t\t<\/div>\n\t\t<\/div>\n\t\t\t\t\t<\/div>\n\t\t<\/section>\n\t\t\t\t<section class=\"elementor-section elementor-top-section elementor-element elementor-element-9788c47 elementor-section-boxed elementor-section-height-default elementor-section-height-default\" data-id=\"9788c47\" data-element_type=\"section\">\n\t\t\t\t\t\t<div class=\"elementor-container elementor-column-gap-default\">\n\t\t\t\t\t<div class=\"elementor-column elementor-col-100 elementor-top-column elementor-element elementor-element-9067876\" data-id=\"9067876\" data-element_type=\"column\">\n\t\t\t<div class=\"elementor-widget-wrap elementor-element-populated\">\n\t\t\t\t\t\t<div class=\"elementor-element elementor-element-9fc86fe elementor-widget elementor-widget-heading\" data-id=\"9fc86fe\" data-element_type=\"widget\" data-widget_type=\"heading.default\">\n\t\t\t\t<div class=\"elementor-widget-container\">\n\t\t\t<h3 class=\"elementor-heading-title elementor-size-default\">Esto y mucho m\u00e1s podr\u00e1s disfrutar al visitarnos...<\/h3>\t\t<\/div>\n\t\t\t\t<\/div>\n\t\t\t\t<div class=\"elementor-element elementor-element-ab2add9 elementor-widget elementor-widget-text-editor\" data-id=\"ab2add9\" data-element_type=\"widget\" data-widget_type=\"text-editor.default\">\n\t\t\t\t<div class=\"elementor-widget-container\">\n\t\t\t\t\t\t\t<span style=\"color: #000000;\">El partido de General Paz est\u00e1 compuesto por las localidades de Ranchos, Villanueva, Loma Verde y Alegre.<\/br>\nUbicado en la provincia de Buenos Aires sobre la RP29 a 120km de Capital Federal y a 80km de La Plata.<\/br>\nRanchos junto con los dem\u00e1s pueblos del distrito conforman un polo de atractivos tur\u00edsticos, hist\u00f3ricos, naturales y culturales en un entorno rural de singular belleza.<\/span>\t\t\t\t\t\t<\/div>\n\t\t\t\t<\/div>\n\t\t\t\t<div class=\"elementor-element elementor-element-a261c25 elementor-arrows-position-inside elementor-pagination-position-outside elementor-widget elementor-widget-image-carousel\" data-id=\"a261c25\" data-element_type=\"widget\" data-settings=\"{&quot;navigation&quot;:&quot;both&quot;,&quot;autoplay&quot;:&quot;yes&quot;,&quot;pause_on_hover&quot;:&quot;yes&quot;,&quot;pause_on_interaction&quot;:&quot;yes&quot;,&quot;autoplay_speed&quot;:5000,&quot;infinite&quot;:&quot;yes&quot;,&quot;speed&quot;:500}\" data-widget_type=\"image-carousel.default\">\n\t\t\t\t<div class=\"elementor-widget-container\">\n\t\t\t\t\t<div class=\"elementor-image-carousel-wrapper swiper\" dir=\"ltr\">\n\t\t\t<div class=\"elementor-image-carousel swiper-wrapper swiper-image-stretch\" aria-live=\"off\">\n\t\t\t\t\t\t\t\t<div class=\"swiper-slide\" role=\"group\" aria-roledescription=\"slide\" aria-label=\"1 de 7\"><a data-elementor-open-lightbox=\"yes\" data-elementor-lightbox-slideshow=\"a261c25\" data-elementor-lightbox-title=\"Turismo-01\" data-e-action-hash=\"#elementor-action%3Aaction%3Dlightbox%26settings%3DeyJpZCI6MTY5OCwidXJsIjoiaHR0cHM6XC9cL211bmljaXBhbGlkYWRkZWdlbmVyYWxwYXouZ29iLmFyXC93cC1jb250ZW50XC91cGxvYWRzXC8yMDI0XC8wNFwvVHVyaXNtby0wMS1zY2FsZWQuanBnIiwic2xpZGVzaG93IjoiYTI2MWMyNSJ9\" href=\"https:\/\/municipalidaddegeneralpaz.gob.ar\/wp-content\/uploads\/2024\/04\/Turismo-01-scaled.jpg\"><figure class=\"swiper-slide-inner\"><img decoding=\"async\" class=\"swiper-slide-image\" src=\"https:\/\/municipalidaddegeneralpaz.gob.ar\/wp-content\/uploads\/2024\/04\/Turismo-01-768x512.jpg\" alt=\"Turismo-01\" \/><\/figure><\/a><\/div><div class=\"swiper-slide\" role=\"group\" aria-roledescription=\"slide\" aria-label=\"2 de 7\"><a data-elementor-open-lightbox=\"yes\" data-elementor-lightbox-slideshow=\"a261c25\" data-elementor-lightbox-title=\"Turismo-03\" data-e-action-hash=\"#elementor-action%3Aaction%3Dlightbox%26settings%3DeyJpZCI6MTcwMCwidXJsIjoiaHR0cHM6XC9cL211bmljaXBhbGlkYWRkZWdlbmVyYWxwYXouZ29iLmFyXC93cC1jb250ZW50XC91cGxvYWRzXC8yMDI0XC8wNFwvVHVyaXNtby0wMy1zY2FsZWQuanBnIiwic2xpZGVzaG93IjoiYTI2MWMyNSJ9\" href=\"https:\/\/municipalidaddegeneralpaz.gob.ar\/wp-content\/uploads\/2024\/04\/Turismo-03-scaled.jpg\"><figure class=\"swiper-slide-inner\"><img decoding=\"async\" class=\"swiper-slide-image\" src=\"https:\/\/municipalidaddegeneralpaz.gob.ar\/wp-content\/uploads\/2024\/04\/Turismo-03-768x512.jpg\" alt=\"Turismo-03\" \/><\/figure><\/a><\/div><div class=\"swiper-slide\" role=\"group\" aria-roledescription=\"slide\" aria-label=\"3 de 7\"><a data-elementor-open-lightbox=\"yes\" data-elementor-lightbox-slideshow=\"a261c25\" data-elementor-lightbox-title=\"Turismo-02\" data-e-action-hash=\"#elementor-action%3Aaction%3Dlightbox%26settings%3DeyJpZCI6MTY5OSwidXJsIjoiaHR0cHM6XC9cL211bmljaXBhbGlkYWRkZWdlbmVyYWxwYXouZ29iLmFyXC93cC1jb250ZW50XC91cGxvYWRzXC8yMDI0XC8wNFwvVHVyaXNtby0wMi1zY2FsZWQuanBnIiwic2xpZGVzaG93IjoiYTI2MWMyNSJ9\" href=\"https:\/\/municipalidaddegeneralpaz.gob.ar\/wp-content\/uploads\/2024\/04\/Turismo-02-scaled.jpg\"><figure class=\"swiper-slide-inner\"><img decoding=\"async\" class=\"swiper-slide-image\" src=\"https:\/\/municipalidaddegeneralpaz.gob.ar\/wp-content\/uploads\/2024\/04\/Turismo-02-768x512.jpg\" alt=\"Turismo-02\" \/><\/figure><\/a><\/div><div class=\"swiper-slide\" role=\"group\" aria-roledescription=\"slide\" aria-label=\"4 de 7\"><a data-elementor-open-lightbox=\"yes\" data-elementor-lightbox-slideshow=\"a261c25\" data-elementor-lightbox-title=\"Turismo-07\" data-e-action-hash=\"#elementor-action%3Aaction%3Dlightbox%26settings%3DeyJpZCI6MTcwNCwidXJsIjoiaHR0cHM6XC9cL211bmljaXBhbGlkYWRkZWdlbmVyYWxwYXouZ29iLmFyXC93cC1jb250ZW50XC91cGxvYWRzXC8yMDI0XC8wNFwvVHVyaXNtby0wNy5qcGVnIiwic2xpZGVzaG93IjoiYTI2MWMyNSJ9\" href=\"https:\/\/municipalidaddegeneralpaz.gob.ar\/wp-content\/uploads\/2024\/04\/Turismo-07.jpeg\"><figure class=\"swiper-slide-inner\"><img decoding=\"async\" class=\"swiper-slide-image\" src=\"https:\/\/municipalidaddegeneralpaz.gob.ar\/wp-content\/uploads\/2024\/04\/Turismo-07-768x512.jpeg\" alt=\"Turismo-07\" \/><\/figure><\/a><\/div><div class=\"swiper-slide\" role=\"group\" aria-roledescription=\"slide\" aria-label=\"5 de 7\"><a data-elementor-open-lightbox=\"yes\" data-elementor-lightbox-slideshow=\"a261c25\" data-elementor-lightbox-title=\"Turismo-06\" data-e-action-hash=\"#elementor-action%3Aaction%3Dlightbox%26settings%3DeyJpZCI6MTcwMywidXJsIjoiaHR0cHM6XC9cL211bmljaXBhbGlkYWRkZWdlbmVyYWxwYXouZ29iLmFyXC93cC1jb250ZW50XC91cGxvYWRzXC8yMDI0XC8wNFwvVHVyaXNtby0wNi1zY2FsZWQuanBnIiwic2xpZGVzaG93IjoiYTI2MWMyNSJ9\" href=\"https:\/\/municipalidaddegeneralpaz.gob.ar\/wp-content\/uploads\/2024\/04\/Turismo-06-scaled.jpg\"><figure class=\"swiper-slide-inner\"><img decoding=\"async\" class=\"swiper-slide-image\" src=\"https:\/\/municipalidaddegeneralpaz.gob.ar\/wp-content\/uploads\/2024\/04\/Turismo-06-768x512.jpg\" alt=\"Turismo-06\" \/><\/figure><\/a><\/div><div class=\"swiper-slide\" role=\"group\" aria-roledescription=\"slide\" aria-label=\"6 de 7\"><a data-elementor-open-lightbox=\"yes\" data-elementor-lightbox-slideshow=\"a261c25\" data-elementor-lightbox-title=\"Turismo-05\" data-e-action-hash=\"#elementor-action%3Aaction%3Dlightbox%26settings%3DeyJpZCI6MTcwMiwidXJsIjoiaHR0cHM6XC9cL211bmljaXBhbGlkYWRkZWdlbmVyYWxwYXouZ29iLmFyXC93cC1jb250ZW50XC91cGxvYWRzXC8yMDI0XC8wNFwvVHVyaXNtby0wNS5qcGciLCJzbGlkZXNob3ciOiJhMjYxYzI1In0%3D\" href=\"https:\/\/municipalidaddegeneralpaz.gob.ar\/wp-content\/uploads\/2024\/04\/Turismo-05.jpg\"><figure class=\"swiper-slide-inner\"><img decoding=\"async\" class=\"swiper-slide-image\" src=\"https:\/\/municipalidaddegeneralpaz.gob.ar\/wp-content\/uploads\/2024\/04\/Turismo-05.jpg\" alt=\"Turismo-05\" \/><\/figure><\/a><\/div><div class=\"swiper-slide\" role=\"group\" aria-roledescription=\"slide\" aria-label=\"7 de 7\"><a data-elementor-open-lightbox=\"yes\" data-elementor-lightbox-slideshow=\"a261c25\" data-elementor-lightbox-title=\"Turismo-04\" data-e-action-hash=\"#elementor-action%3Aaction%3Dlightbox%26settings%3DeyJpZCI6MTcwMSwidXJsIjoiaHR0cHM6XC9cL211bmljaXBhbGlkYWRkZWdlbmVyYWxwYXouZ29iLmFyXC93cC1jb250ZW50XC91cGxvYWRzXC8yMDI0XC8wNFwvVHVyaXNtby0wNC1zY2FsZWQuanBnIiwic2xpZGVzaG93IjoiYTI2MWMyNSJ9\" href=\"https:\/\/municipalidaddegeneralpaz.gob.ar\/wp-content\/uploads\/2024\/04\/Turismo-04-scaled.jpg\"><figure class=\"swiper-slide-inner\"><img decoding=\"async\" class=\"swiper-slide-image\" src=\"https:\/\/municipalidaddegeneralpaz.gob.ar\/wp-content\/uploads\/2024\/04\/Turismo-04-768x433.jpg\" alt=\"Turismo-04\" \/><\/figure><\/a><\/div>\t\t\t<\/div>\n\t\t\t\t\t\t\t\t\t\t\t\t<div class=\"elementor-swiper-button elementor-swiper-button-prev\" role=\"button\" tabindex=\"0\">\n\t\t\t\t\t\t<i aria-hidden=\"true\" class=\"eicon-chevron-left\"><\/i>\t\t\t\t\t<\/div>\n\t\t\t\t\t<div class=\"elementor-swiper-button elementor-swiper-button-next\" role=\"button\" tabindex=\"0\">\n\t\t\t\t\t\t<i aria-hidden=\"true\" class=\"eicon-chevron-right\"><\/i>\t\t\t\t\t<\/div>\n\t\t\t\t\n\t\t\t\t\t\t\t\t\t<div class=\"swiper-pagination\"><\/div>\n\t\t\t\t\t\t\t\t\t<\/div>\n\t\t\t\t<\/div>\n\t\t\t\t<\/div>\n\t\t\t\t\t<\/div>\n\t\t<\/div>\n\t\t\t\t\t<\/div>\n\t\t<\/section>\n\t\t\t\t<section class=\"elementor-section elementor-top-section elementor-element elementor-element-e052126 elementor-section-boxed elementor-section-height-default elementor-section-height-default\" data-id=\"e052126\" data-element_type=\"section\">\n\t\t\t\t\t\t<div class=\"elementor-container elementor-column-gap-default\">\n\t\t\t\t\t<div class=\"elementor-column elementor-col-100 elementor-top-column elementor-element elementor-element-1b29f8f\" data-id=\"1b29f8f\" data-element_type=\"column\">\n\t\t\t<div class=\"elementor-widget-wrap elementor-element-populated\">\n\t\t\t\t\t\t<div class=\"elementor-element elementor-element-3952218 elementor-widget elementor-widget-heading\" data-id=\"3952218\" data-element_type=\"widget\" data-widget_type=\"heading.default\">\n\t\t\t\t<div class=\"elementor-widget-container\">\n\t\t\t<h3 class=\"elementor-heading-title elementor-size-default\">Historia y tradici\u00f3n<\/h3>\t\t<\/div>\n\t\t\t\t<\/div>\n\t\t\t\t<div class=\"elementor-element elementor-element-714d2ea elementor-widget elementor-widget-text-editor\" data-id=\"714d2ea\" data-element_type=\"widget\" data-widget_type=\"text-editor.default\">\n\t\t\t\t<div class=\"elementor-widget-container\">\n\t\t\t\t\t\t\t<p class=\"MsoNormal\"><span style=\"mso-ascii-font-family: Calibri; mso-hansi-font-family: Calibri; mso-bidi-font-family: Calibri; color: black;\">Nuestro distrito se\ncaracteriza por un legado cultural sumamente valioso. Contamos con museos,\nexposiciones y fiestas populares que nos permiten viajar al pasado para conocer\nlas ra\u00edces de nuestro territorio.<\/span><\/p>\t\t\t\t\t\t<\/div>\n\t\t\t\t<\/div>\n\t\t\t\t<div class=\"elementor-element elementor-element-1367b60 elementor-arrows-position-inside elementor-pagination-position-outside elementor-widget elementor-widget-image-carousel\" data-id=\"1367b60\" data-element_type=\"widget\" data-settings=\"{&quot;navigation&quot;:&quot;both&quot;,&quot;autoplay&quot;:&quot;yes&quot;,&quot;pause_on_hover&quot;:&quot;yes&quot;,&quot;pause_on_interaction&quot;:&quot;yes&quot;,&quot;autoplay_speed&quot;:5000,&quot;infinite&quot;:&quot;yes&quot;,&quot;speed&quot;:500}\" data-widget_type=\"image-carousel.default\">\n\t\t\t\t<div class=\"elementor-widget-container\">\n\t\t\t\t\t<div class=\"elementor-image-carousel-wrapper swiper\" dir=\"ltr\">\n\t\t\t<div class=\"elementor-image-carousel swiper-wrapper swiper-image-stretch\" aria-live=\"off\">\n\t\t\t\t\t\t\t\t<div class=\"swiper-slide\" role=\"group\" aria-roledescription=\"slide\" aria-label=\"1 de 7\"><figure class=\"swiper-slide-inner\"><img decoding=\"async\" class=\"swiper-slide-image\" src=\"https:\/\/municipalidaddegeneralpaz.gob.ar\/wp-content\/uploads\/2024\/04\/Hitoria-y-Tradicion-01.jpg\" alt=\"Hitoria y Tradicion -01\" \/><\/figure><\/div><div class=\"swiper-slide\" role=\"group\" aria-roledescription=\"slide\" aria-label=\"2 de 7\"><figure class=\"swiper-slide-inner\"><img decoding=\"async\" class=\"swiper-slide-image\" src=\"https:\/\/municipalidaddegeneralpaz.gob.ar\/wp-content\/uploads\/2024\/04\/Hitoria-y-Tradicion-02-768x512.jpg\" alt=\"Hitoria y Tradicion -02\" \/><\/figure><\/div><div class=\"swiper-slide\" role=\"group\" aria-roledescription=\"slide\" aria-label=\"3 de 7\"><figure class=\"swiper-slide-inner\"><img decoding=\"async\" class=\"swiper-slide-image\" src=\"https:\/\/municipalidaddegeneralpaz.gob.ar\/wp-content\/uploads\/2024\/04\/Hitoria-y-Tradicion-04-768x396.jpg\" alt=\"Hitoria y Tradicion -04\" \/><\/figure><\/div><div class=\"swiper-slide\" role=\"group\" aria-roledescription=\"slide\" aria-label=\"4 de 7\"><figure class=\"swiper-slide-inner\"><img decoding=\"async\" class=\"swiper-slide-image\" src=\"https:\/\/municipalidaddegeneralpaz.gob.ar\/wp-content\/uploads\/2024\/04\/Hitoria-y-Tradicion-06-768x512.jpg\" alt=\"Hitoria y Tradicion -06\" \/><\/figure><\/div><div class=\"swiper-slide\" role=\"group\" aria-roledescription=\"slide\" aria-label=\"5 de 7\"><figure class=\"swiper-slide-inner\"><img decoding=\"async\" class=\"swiper-slide-image\" src=\"https:\/\/municipalidaddegeneralpaz.gob.ar\/wp-content\/uploads\/2024\/04\/Hitoria-y-Tradicion-07-768x512.jpg\" alt=\"Hitoria y Tradicion -07\" \/><\/figure><\/div><div class=\"swiper-slide\" role=\"group\" aria-roledescription=\"slide\" aria-label=\"6 de 7\"><figure class=\"swiper-slide-inner\"><img decoding=\"async\" class=\"swiper-slide-image\" src=\"https:\/\/municipalidaddegeneralpaz.gob.ar\/wp-content\/uploads\/2024\/04\/Hitoria-y-Tradicion-03-1-768x512.jpg\" alt=\"Hitoria y Tradicion -03\" \/><\/figure><\/div><div class=\"swiper-slide\" role=\"group\" aria-roledescription=\"slide\" aria-label=\"7 de 7\"><figure class=\"swiper-slide-inner\"><img decoding=\"async\" class=\"swiper-slide-image\" src=\"https:\/\/municipalidaddegeneralpaz.gob.ar\/wp-content\/uploads\/2024\/04\/Hitoria-y-Tradicion-05-2-768x512.jpg\" alt=\"Hitoria y Tradicion -05\" \/><\/figure><\/div>\t\t\t<\/div>\n\t\t\t\t\t\t\t\t\t\t\t\t<div class=\"elementor-swiper-button elementor-swiper-button-prev\" role=\"button\" tabindex=\"0\">\n\t\t\t\t\t\t<i aria-hidden=\"true\" class=\"eicon-chevron-left\"><\/i>\t\t\t\t\t<\/div>\n\t\t\t\t\t<div class=\"elementor-swiper-button elementor-swiper-button-next\" role=\"button\" tabindex=\"0\">\n\t\t\t\t\t\t<i aria-hidden=\"true\" class=\"eicon-chevron-right\"><\/i>\t\t\t\t\t<\/div>\n\t\t\t\t\n\t\t\t\t\t\t\t\t\t<div class=\"swiper-pagination\"><\/div>\n\t\t\t\t\t\t\t\t\t<\/div>\n\t\t\t\t<\/div>\n\t\t\t\t<\/div>\n\t\t\t\t\t<\/div>\n\t\t<\/div>\n\t\t\t\t\t<\/div>\n\t\t<\/section>\n\t\t\t\t<section class=\"elementor-section elementor-top-section elementor-element elementor-element-f7722b3 elementor-section-boxed elementor-section-height-default elementor-section-height-default\" data-id=\"f7722b3\" data-element_type=\"section\">\n\t\t\t\t\t\t<div class=\"elementor-container elementor-column-gap-default\">\n\t\t\t\t\t<div class=\"elementor-column elementor-col-100 elementor-top-column elementor-element elementor-element-0b28a99\" data-id=\"0b28a99\" data-element_type=\"column\">\n\t\t\t<div class=\"elementor-widget-wrap elementor-element-populated\">\n\t\t\t\t\t\t<div class=\"elementor-element elementor-element-3d23638 elementor-widget elementor-widget-heading\" data-id=\"3d23638\" data-element_type=\"widget\" data-widget_type=\"heading.default\">\n\t\t\t\t<div class=\"elementor-widget-container\">\n\t\t\t<h3 class=\"elementor-heading-title elementor-size-default\">General Paz a la carta<\/h3>\t\t<\/div>\n\t\t\t\t<\/div>\n\t\t\t\t<div class=\"elementor-element elementor-element-eb1b2fb elementor-widget elementor-widget-text-editor\" data-id=\"eb1b2fb\" data-element_type=\"widget\" data-widget_type=\"text-editor.default\">\n\t\t\t\t<div class=\"elementor-widget-container\">\n\t\t\t\t\t\t\t<p class=\"MsoNormal\"><span style=\"mso-ascii-font-family: Calibri; mso-hansi-font-family: Calibri; mso-bidi-font-family: Calibri; color: black;\">Ven\u00ed a disfrutar de una experiencia gastron\u00f3mica. Productores locales de miel, dulce de leche, queso y chacinados. Las panader\u00edas cuentan con verdaderos imperdibles a la hora del mate. Los restaurantes con todo tipo de platos criollos y cerveza artesanal. Te esperamos!!!<\/span><\/p>\t\t\t\t\t\t<\/div>\n\t\t\t\t<\/div>\n\t\t\t\t<div class=\"elementor-element elementor-element-61fe06b elementor-arrows-position-inside elementor-pagination-position-outside elementor-widget elementor-widget-image-carousel\" data-id=\"61fe06b\" data-element_type=\"widget\" data-settings=\"{&quot;navigation&quot;:&quot;both&quot;,&quot;autoplay&quot;:&quot;yes&quot;,&quot;pause_on_hover&quot;:&quot;yes&quot;,&quot;pause_on_interaction&quot;:&quot;yes&quot;,&quot;autoplay_speed&quot;:5000,&quot;infinite&quot;:&quot;yes&quot;,&quot;speed&quot;:500}\" data-widget_type=\"image-carousel.default\">\n\t\t\t\t<div class=\"elementor-widget-container\">\n\t\t\t\t\t<div class=\"elementor-image-carousel-wrapper swiper\" dir=\"ltr\">\n\t\t\t<div class=\"elementor-image-carousel swiper-wrapper swiper-image-stretch\" aria-live=\"off\">\n\t\t\t\t\t\t\t\t<div class=\"swiper-slide\" role=\"group\" aria-roledescription=\"slide\" aria-label=\"1 de 6\"><figure class=\"swiper-slide-inner\"><img decoding=\"async\" class=\"swiper-slide-image\" src=\"https:\/\/municipalidaddegeneralpaz.gob.ar\/wp-content\/uploads\/2024\/04\/A-la-Carta-04-768x512.jpg\" alt=\"A la Carta-04\" \/><\/figure><\/div><div class=\"swiper-slide\" role=\"group\" aria-roledescription=\"slide\" aria-label=\"2 de 6\"><figure class=\"swiper-slide-inner\"><img decoding=\"async\" class=\"swiper-slide-image\" src=\"https:\/\/municipalidaddegeneralpaz.gob.ar\/wp-content\/uploads\/2024\/04\/A-la-Carta-02-768x512.jpg\" alt=\"A la Carta-02\" \/><\/figure><\/div><div class=\"swiper-slide\" role=\"group\" aria-roledescription=\"slide\" aria-label=\"3 de 6\"><figure class=\"swiper-slide-inner\"><img decoding=\"async\" class=\"swiper-slide-image\" src=\"https:\/\/municipalidaddegeneralpaz.gob.ar\/wp-content\/uploads\/2024\/04\/A-la-Carta-01-768x512.jpg\" alt=\"A la Carta-01\" \/><\/figure><\/div><div class=\"swiper-slide\" role=\"group\" aria-roledescription=\"slide\" aria-label=\"4 de 6\"><figure class=\"swiper-slide-inner\"><img decoding=\"async\" class=\"swiper-slide-image\" src=\"https:\/\/municipalidaddegeneralpaz.gob.ar\/wp-content\/uploads\/2024\/04\/A-la-Carta-03-768x512.jpg\" alt=\"A la Carta-03\" \/><\/figure><\/div><div class=\"swiper-slide\" role=\"group\" aria-roledescription=\"slide\" aria-label=\"5 de 6\"><figure class=\"swiper-slide-inner\"><img decoding=\"async\" class=\"swiper-slide-image\" src=\"https:\/\/municipalidaddegeneralpaz.gob.ar\/wp-content\/uploads\/2024\/04\/A-la-Carta-06-768x578.jpg\" alt=\"A la Carta-06\" \/><\/figure><\/div><div class=\"swiper-slide\" role=\"group\" aria-roledescription=\"slide\" aria-label=\"6 de 6\"><figure class=\"swiper-slide-inner\"><img decoding=\"async\" class=\"swiper-slide-image\" src=\"https:\/\/municipalidaddegeneralpaz.gob.ar\/wp-content\/uploads\/2024\/04\/A-la-Carta-05-768x576.jpeg\" alt=\"A la Carta-05\" \/><\/figure><\/div>\t\t\t<\/div>\n\t\t\t\t\t\t\t\t\t\t\t\t<div class=\"elementor-swiper-button elementor-swiper-button-prev\" role=\"button\" tabindex=\"0\">\n\t\t\t\t\t\t<i aria-hidden=\"true\" class=\"eicon-chevron-left\"><\/i>\t\t\t\t\t<\/div>\n\t\t\t\t\t<div class=\"elementor-swiper-button elementor-swiper-button-next\" role=\"button\" tabindex=\"0\">\n\t\t\t\t\t\t<i aria-hidden=\"true\" class=\"eicon-chevron-right\"><\/i>\t\t\t\t\t<\/div>\n\t\t\t\t\n\t\t\t\t\t\t\t\t\t<div class=\"swiper-pagination\"><\/div>\n\t\t\t\t\t\t\t\t\t<\/div>\n\t\t\t\t<\/div>\n\t\t\t\t<\/div>\n\t\t\t\t\t<\/div>\n\t\t<\/div>\n\t\t\t\t\t<\/div>\n\t\t<\/section>\n\t\t\t\t<section class=\"elementor-section elementor-top-section elementor-element elementor-element-eea8d04 elementor-section-boxed elementor-section-height-default elementor-section-height-default\" data-id=\"eea8d04\" data-element_type=\"section\">\n\t\t\t\t\t\t<div class=\"elementor-container elementor-column-gap-default\">\n\t\t\t\t\t<div class=\"elementor-column elementor-col-100 elementor-top-column elementor-element elementor-element-80e411d\" data-id=\"80e411d\" data-element_type=\"column\">\n\t\t\t<div class=\"elementor-widget-wrap elementor-element-populated\">\n\t\t\t\t\t\t<div class=\"elementor-element elementor-element-059510a elementor-widget elementor-widget-heading\" data-id=\"059510a\" data-element_type=\"widget\" data-widget_type=\"heading.default\">\n\t\t\t\t<div class=\"elementor-widget-container\">\n\t\t\t<h3 class=\"elementor-heading-title elementor-size-default\">Ubicaci\u00f3n<\/h3>\t\t<\/div>\n\t\t\t\t<\/div>\n\t\t\t\t\t<\/div>\n\t\t<\/div>\n\t\t\t\t\t<\/div>\n\t\t<\/section>\n\t\t\t\t<section class=\"elementor-section elementor-top-section elementor-element elementor-element-302635c elementor-section-boxed elementor-section-height-default elementor-section-height-default\" data-id=\"302635c\" data-element_type=\"section\">\n\t\t\t\t\t\t<div class=\"elementor-container elementor-column-gap-default\">\n\t\t\t\t\t<div class=\"elementor-column elementor-col-100 elementor-top-column elementor-element elementor-element-2dab7ec\" data-id=\"2dab7ec\" data-element_type=\"column\">\n\t\t\t<div class=\"elementor-widget-wrap elementor-element-populated\">\n\t\t\t\t\t\t<div class=\"elementor-element elementor-element-87d955c elementor-widget elementor-widget-html\" data-id=\"87d955c\" data-element_type=\"widget\" data-widget_type=\"html.default\">\n\t\t\t\t<div class=\"elementor-widget-container\">\n\t\t\t<iframe src=\"https:\/\/www.google.com\/maps\/embed?pb=!1m18!1m12!1m3!1d470.1873898648908!2d-58.31800976749587!3d-35.51527537627804!2m3!1f0!2f0!3f0!3m2!1i1024!2i768!4f13.1!3m3!1m2!1s0x95bd52616fa6d925%3A0x95681a1d7ef72b1c!2sMunicipalidad%20de%20General%20Paz!5e1!3m2!1ses-419!2sar!4v1748816593224!5m2!1ses-419!2sar\" width=\"600\" height=\"450\" style=\"border:0;\" allowfullscreen=\"\" loading=\"lazy\" referrerpolicy=\"no-referrer-when-downgrade\"><\/iframe>\t\t<\/div>\n\t\t\t\t<\/div>\n\t\t\t\t\t<\/div>\n\t\t<\/div>\n\t\t\t\t\t<\/div>\n\t\t<\/section>\n\t\t\t\t<\/div>\n\t\t","protected":false},"excerpt":{"rendered":"<p>TURISMO Esto y mucho m\u00e1s podr\u00e1s disfrutar al visitarnos&#8230; El partido de General Paz est\u00e1 compuesto por las localidades de Ranchos, Villanueva, Loma Verde y Alegre. Ubicado en la provincia de Buenos Aires sobre la RP29 a 120km de Capital Federal y a 80km de La Plata. Ranchos junto con los dem\u00e1s pueblos del distrito [&hellip;]<\/p>\n","protected":false},"author":1,"featured_media":0,"parent":0,"menu_order":0,"comment_status":"closed","ping_status":"closed","template":"","meta":{"om_disable_all_campaigns":false,"_monsterinsights_skip_tracking":false,"_monsterinsights_sitenote_active":false,"_monsterinsights_sitenote_note":"","_monsterinsights_sitenote_category":0,"footnotes":""},"class_list":["post-174","page","type-page","status-publish","hentry"],"aioseo_notices":[],"_links":{"self":[{"href":"https:\/\/municipalidaddegeneralpaz.gob.ar\/index.php\/wp-json\/wp\/v2\/pages\/174"}],"collection":[{"href":"https:\/\/municipalidaddegeneralpaz.gob.ar\/index.php\/wp-json\/wp\/v2\/pages"}],"about":[{"href":"https:\/\/municipalidaddegeneralpaz.gob.ar\/index.php\/wp-json\/wp\/v2\/types\/page"}],"author":[{"embeddable":true,"href":"https:\/\/municipalidaddegeneralpaz.gob.ar\/index.php\/wp-json\/wp\/v2\/users\/1"}],"replies":[{"embeddable":true,"href":"https:\/\/municipalidaddegeneralpaz.gob.ar\/index.php\/wp-json\/wp\/v2\/comments?post=174"}],"version-history":[{"count":64,"href":"https:\/\/municipalidaddegeneralpaz.gob.ar\/index.php\/wp-json\/wp\/v2\/pages\/174\/revisions"}],"predecessor-version":[{"id":1968,"href":"https:\/\/municipalidaddegeneralpaz.gob.ar\/index.php\/wp-json\/wp\/v2\/pages\/174\/revisions\/1968"}],"wp:attachment":[{"href":"https:\/\/municipalidaddegeneralpaz.gob.ar\/index.php\/wp-json\/wp\/v2\/media?parent=174"}],"curies":[{"name":"wp","href":"https:\/\/api.w.org\/{rel}","templated":true}]}}